{"id":3,"date":"2019-12-17T16:40:14","date_gmt":"2019-12-17T16:40:14","guid":{"rendered":"https:\/\/www.mylineservice.com\/?page_id=3"},"modified":"2020-04-22T19:58:02","modified_gmt":"2020-04-22T18:58:02","slug":"privacy-policy","status":"publish","type":"page","link":"https:\/\/www.mylineservice.com\/en\/privacy-policy\/","title":{"rendered":"Privacy Policy"},"content":{"rendered":"<h4>PRIVACY POLICY DEL SITO WWW.MYLINESERVICE.COM<\/h4>\r\n<p><!-- \/wp:post-content -->\r\n\r\n<!-- wp:paragraph {\"customFontSize\":13} --><\/p>\r\n<p style=\"font-size: 13px;\">Il sito www.mylineservice.com (di seguito \u201cil Sito\u201d) \u00e8 di propriet\u00e0 di My Line Service di Maffeis Yvonne S.A.S. (di seguito \u201cl&#8217;Azienda\u201d), Titolare del trattamento. Le misure di sicurezza applicabili al presente Sito sono state definite e sviluppate per assicurare che le informazioni fornite dagli utenti (di seguito \u201cutente\u201d, \u201cutenti\u201d o \u201cvoi\u201d) siano trattate nel rispetto dei principi di liceit\u00e0, correttezza, trasparenza, limitazione delle finalit\u00e0 e della conservazione, minimizzazione dei dati, esattezza, integrit\u00e0 e riservatezza, in conformit\u00e0 alle normative nazionali ed europee vigenti.<\/p>\r\n<p><!-- \/wp:paragraph -->\r\n\r\n<!-- wp:paragraph {\"customFontSize\":13} --><\/p>\r\n<p style=\"font-size: 13px;\">La presente informativa (o \u201cPrivacy policy\u201d) \u00e8 resa ai sensi dell\u2019art. 13 del Regolamento generale EU 2016\/679 sulla protezione dei dati (di seguito \u201cGDPR\u201d) ed illustra le modalit\u00e0 di utilizzo, condivisione, accesso, modifica o cancellazione delle informazioni personali da voi fornite e trattate dall&#8217;azienda. L\u2019informativa si ispira altres\u00ec alla Raccomandazione n. 2\/2001 relativa ai requisiti minimi per la raccolta di dati on-line nell\u2019Unione Europea, adottata il 17 maggio 2001 dal Gruppo di Lavoro Articolo 29.<\/p>\r\n<p><!-- \/wp:paragraph -->\r\n\r\n<!-- wp:paragraph {\"customFontSize\":13} --><\/p>\r\n<p style=\"font-size: 13px;\">Questa Privacy policy \u00e8 resa solo per questo Sito e non si applica ad altri siti web eventualmente consultati dall\u2019utente tramite link presenti nelle pagine del Sito.<\/p>\r\n<p><!-- \/wp:paragraph -->\r\n\r\n<!-- wp:paragraph {\"customFontSize\":15} --><\/p>\r\n<p style=\"font-size: 15px;\"><strong>1. DATI PERSONALI OGGETTO DEL TRATTAMENTO<\/strong><\/p>\r\n<p><!-- \/wp:paragraph -->\r\n\r\n<!-- wp:paragraph {\"customFontSize\":13} --><\/p>\r\n<p style=\"font-size: 13px;\">Per \u201cDati Personali\u201d si intende \u201cqualsiasi informazione riguardante una persona fisica identificata o identificabile con particolare riferimento a un identificativo come il nome, un numero di identificazione, dati relativi all\u2019ubicazione o un identificativo online\u201d. I Dati Personali raccolti dal Sito sono i seguenti:<\/p>\r\n<p><!-- \/wp:paragraph -->\r\n\r\n<!-- wp:paragraph {\"customFontSize\":13} --><\/p>\r\n<p style=\"font-size: 13px;\"><strong>Dati di navigazione<\/strong><\/p>\r\n<p><!-- \/wp:paragraph -->\r\n\r\n<!-- wp:paragraph {\"customFontSize\":13} --><\/p>\r\n<p style=\"font-size: 13px;\">I sistemi informatici e le procedure software preposte per il corretto funzionamento del Sito acquisiscono, nel corso del loro normale esercizio, alcuni Dati personali la cui trasmissione \u00e8 implicita nella navigazione dei siti web. Queste informazioni non sono raccolte per essere associate a interessati identificati; tuttavia, per loro stessa natura potrebbero, attraverso elaborazioni ed associazioni con dati detenuti da terzi, permettere di identificare gli utenti.<\/p>\r\n<p><!-- \/wp:paragraph -->\r\n\r\n<!-- wp:paragraph {\"customFontSize\":13} --><\/p>\r\n<p style=\"font-size: 13px;\">Fra essi rientrano gli indirizzi IP o i nomi dei computer utilizzati dagli utenti che si connettono al Sito, gli indirizzi URI (Uniform Resource Identifier) delle risorse richieste, l\u2019orario della richiesta, il metodo utilizzato nel sottoporre la richiesta al server, la dimensione del file ottenuto in risposta, il codice numerico indicante lo stato della risposta data dal server ed altri parametri relativi al sistema operativo e alla piattaforma informatica adoperata dall\u2019utente.<\/p>\r\n<p><!-- \/wp:paragraph -->\r\n\r\n<!-- wp:paragraph {\"customFontSize\":13} --><\/p>\r\n<p style=\"font-size: 13px;\">I dati di cui sopra vengono utilizzati al solo fine di ricavare informazioni statistiche anonime sull\u2019uso del Sito e per controllarne il corretto funzionamento. I dati potrebbero essere utilizzati per l\u2019accertamento di responsabilit\u00e0 in caso di ipotetici reati informatici ai danni del Sito.<\/p>\r\n<p><!-- \/wp:paragraph -->\r\n\r\n<!-- wp:paragraph {\"customFontSize\":13} --><\/p>\r\n<p style=\"font-size: 13px;\"><strong>I Cookies<\/strong><\/p>\r\n<p><!-- \/wp:paragraph -->\r\n\r\n<!-- wp:paragraph {\"customFontSize\":13} --><\/p>\r\n<p style=\"font-size: 13px;\">L&#8217;Azienda utilizza cookies attraverso questo Sito. Per tutte le informazioni a riguardo, si rinvia all\u2019apposita Cookie Policy.<\/p>\r\n<p><!-- \/wp:paragraph -->\r\n\r\n<!-- wp:paragraph {\"customFontSize\":15} --><\/p>\r\n<p style=\"font-size: 15px;\"><strong>2. FINALIT\u00c0 E BASE GIURIDICA DEL TRATTAMENTO DEI DATI<\/strong><\/p>\r\n<p><!-- \/wp:paragraph -->\r\n\r\n<!-- wp:paragraph {\"customFontSize\":13} --><\/p>\r\n<p style=\"font-size: 13px;\">I Dati Personali che fornisce attraverso il Sito saranno trattati dall&#8217;azienda per le seguenti finalit\u00e0:<br \/>A. finalit\u00e0 inerenti alla navigazione da parte dell\u2019utente nel Sito;<br \/>B. finalit\u00e0 atte a misurare il funzionamento del Sito e le relative funzioni operative, compresa la risoluzione di qualsiasi problema tecnico;<br \/>C. finalit\u00e0 volte ad impedire o prevenire attivit\u00e0 fraudolente o un uso improprio che possa danneggiare il sito dell&#8217;azienda, o compromettere la sicurezza delle operazioni;<br \/>La base legale del trattamento di Dati Personali per le finalit\u00e0 di cui al punto A) \u00e8 l\u2019erogazione di un servizio che non richiede il consenso degli utenti, ai sensi della normativa applicabile.<br \/>La finalit\u00e0 di cui al punto B) non comporta il trattamento di Dati Personali.<br \/>Le finalit\u00e0 di cui ai punti C) rappresenta un trattamento legittimo di Dati Personali in quanto necessario per adempiere ad un interesse legittimo a cui l&#8217;azienda \u00e8 soggetta.<\/p>\r\n<p><!-- \/wp:paragraph -->\r\n\r\n<!-- wp:paragraph {\"customFontSize\":15} --><\/p>\r\n<p style=\"font-size: 15px;\"><strong>3. MODALIT\u00c0, LOGICHE DEL TRATTAMENTO E TEMPI DI CONSERVAZIONE<\/strong><\/p>\r\n<p><!-- \/wp:paragraph -->\r\n\r\n<!-- wp:paragraph {\"customFontSize\":13} --><\/p>\r\n<p style=\"font-size: 13px;\">Il trattamento delle informazioni degli utenti \u00e8 effettuato solo se strettamente necessario, anche con l\u2019ausilio di mezzi elettronici o comunque automatizzati ed \u00e8 svolto dall\u2019Azienda per memorizzare, gestire e trasmettere i dati stessi.<\/p>\r\n<p><!-- \/wp:paragraph -->\r\n\r\n<!-- wp:paragraph {\"customFontSize\":13} --><\/p>\r\n<p style=\"font-size: 13px;\">I Dati Personali trattati verranno conservati per i tempi previsti dal GDPR e dalla normativa nel tempo applicabile. Maggiori informazioni in merito al periodo di conservazione dei Dati Personali e\/o ai criteri utilizzati per determinare tale periodo possono essere richieste scrivendo al Titolare del trattamento, al seguente indirizzo:<br \/>privacy@mylineservice.com .<\/p>\r\n<p><!-- \/wp:paragraph -->\r\n\r\n<!-- wp:paragraph {\"customFontSize\":15} --><\/p>\r\n<p style=\"font-size: 15px;\"><strong>4. DESTINATARI<\/strong><\/p>\r\n<p><!-- \/wp:paragraph -->\r\n\r\n<!-- wp:paragraph {\"customFontSize\":13} --><\/p>\r\n<p style=\"font-size: 13px;\">I Vostri Dati Personali potranno essere condivisi, per le finalit\u00e0 specificate al punto 2, con:<\/p>\r\n<p><!-- \/wp:paragraph -->\r\n\r\n<!-- wp:paragraph {\"customFontSize\":13} --><\/p>\r\n<p style=\"font-size: 13px;\">a. soggetti che svolgono attivit\u00e0 necessarie per l\u2019erogazione dei servizi offerti dal Sito.<br \/>b. persone autorizzate dall&#8217;azienda al trattamento dei Dati Personali che si siano impegnate alla riservatezza o abbiano un adeguato obbligo legale di riservatezza.<\/p>\r\n<p><!-- \/wp:paragraph -->\r\n\r\n<!-- wp:paragraph {\"customFontSize\":15} --><\/p>\r\n<p style=\"font-size: 15px;\"><strong>5. TERZI A CUI POSSONO ESSERE COMUNICATE LE INFORMAZIONI<\/strong><\/p>\r\n<p><!-- \/wp:paragraph -->\r\n\r\n<!-- wp:paragraph {\"customFontSize\":13} --><\/p>\r\n<p style=\"font-size: 13px;\">Le informazioni dell\u2019utente potranno inoltre essere comunicate a terzi per le seguenti ragioni:<br \/>1. al fine di adempiere gli obblighi previsti da leggi, regolamenti, protocolli e dalla normativa nazionale o europea;<br \/>2. al fine di attuare norme richieste da Autorit\u00e0 pubbliche;<br \/>3. al fine di consentire la difesa in giudizio dell\u2019Azienda, per esempio nel caso di violazioni da parte di utenti della rete;<br \/>Le parti menzionate tratteranno le informazioni in qualit\u00e0 di autonomi Titolari del trattamento\/Responsabili del trattamento.<\/p>\r\n<p><!-- \/wp:paragraph -->\r\n\r\n<!-- wp:paragraph {\"customFontSize\":15} --><\/p>\r\n<p style=\"font-size: 15px;\"><strong>6. IL TITOLARE ED I RESPONSABILI DEL TRATTAMENTO<\/strong><\/p>\r\n<p><!-- \/wp:paragraph -->\r\n\r\n<!-- wp:paragraph {\"customFontSize\":13} --><\/p>\r\n<p style=\"font-size: 13px;\">Il Titolare del trattamento dei dati degli utenti \u00e8 My Line Service di Maffeis Yvonne S.A.S., con sede legale in via Gennaro Sora, 22 \u2013 24020 Fiorano al Serio (BG), nella persona del suo legale rappresentante. L\u2019elenco aggiornato dei Responsabili del trattamento e delle persone incaricate del trattamento si trova presso la sede legale del Titolare del trattamento.<br \/>Per qualsiasi ulteriore informazione o chiarimento, l&#8217;Azienda potr\u00e0 essere contattata al seguente indirizzo:<br \/>privacy@mylineservice.com<\/p>\r\n<p><!-- \/wp:paragraph -->\r\n\r\n<!-- wp:paragraph {\"customFontSize\":15} --><\/p>\r\n<p style=\"font-size: 15px;\"><strong>7. TRASFERIMENTO DATI AL DI FUORI DELL\u2019UE<\/strong><\/p>\r\n<p><!-- \/wp:paragraph -->\r\n\r\n<!-- wp:paragraph {\"customFontSize\":13} --><\/p>\r\n<p style=\"font-size: 13px;\">L&#8217;Azienda dichiara di non trasferire i dati degli utenti raccolti tramite il proprio sito internet in Paesi Extra-UE.<\/p>\r\n<p><!-- \/wp:paragraph -->\r\n\r\n<!-- wp:paragraph {\"customFontSize\":15} --><\/p>\r\n<p style=\"font-size: 15px;\"><strong>8. DIRITTI DELL\u2019UTENTE<\/strong><\/p>\r\n<p><!-- \/wp:paragraph -->\r\n\r\n<!-- wp:paragraph {\"customFontSize\":13} --><\/p>\r\n<p style=\"font-size: 13px;\">Vi informiamo che gli artt. 15 e ss. del GDPR conferiscono agli utenti l\u2019esercizio di specifici diritti nei confronti del Titolare del trattamento. In particolare, potrete:<\/p>\r\n<p><!-- \/wp:paragraph -->\r\n\r\n<!-- wp:paragraph {\"customFontSize\":13} --><\/p>\r\n<p style=\"font-size: 13px;\">&#8211; ottenere la conferma dell\u2019esistenza e l\u2019accesso ai Dati Personali che vi riguardano, anche se non ancora registrati, e chiedere di conoscere la loro origine, nonch\u00e9 le finalit\u00e0, i tempi di conservazione, le modalit\u00e0 del trattamento e la logica applicata in caso di trattamenti effettuati con strumenti automatizzati;<\/p>\r\n<p><!-- \/wp:paragraph -->\r\n\r\n<!-- wp:paragraph {\"customFontSize\":13} --><\/p>\r\n<p style=\"font-size: 13px;\">&#8211; revocare il consenso eventualmente prestato relativamente al trattamento dei Vostri Dati Personali, fatta salva la liceit\u00e0 del trattamento posto in essere fino a quel momento;<\/p>\r\n<p><!-- \/wp:paragraph -->\r\n\r\n<!-- wp:paragraph {\"customFontSize\":13} --><\/p>\r\n<p style=\"font-size: 13px;\">&#8211; ricevere in un formato strutturato, di uso comune e leggibile da dispositivo automatico i Dati Personali trattati e, salvo il caso in cui non sia tecnicamente fattibile, trasmettere direttamente i Vostri dati a un altro Titolare del trattamento;<\/p>\r\n<p><!-- \/wp:paragraph -->\r\n\r\n<!-- wp:paragraph {\"customFontSize\":13} --><\/p>\r\n<p style=\"font-size: 13px;\">&#8211; ottenere la cancellazione, la trasformazione in forma anonima o il blocco dei dati di cui non \u00e8 necessaria la conservazione in relazione agli scopi per i quali i dati sono stati raccolti e trattati;<\/p>\r\n<p><!-- \/wp:paragraph -->\r\n\r\n<!-- wp:paragraph {\"customFontSize\":13} --><\/p>\r\n<p style=\"font-size: 13px;\">&#8211; ottenere l\u2019aggiornamento, la rettificazione e l\u2019integrazione dei dati trattati;<\/p>\r\n<p><!-- \/wp:paragraph -->\r\n\r\n<!-- wp:paragraph {\"customFontSize\":13} --><\/p>\r\n<p style=\"font-size: 13px;\">&#8211; proporre reclamo alle Autorit\u00e0 di controllo.<\/p>\r\n<p><!-- \/wp:paragraph -->\r\n\r\n<!-- wp:paragraph {\"customFontSize\":13} --><\/p>\r\n<p style=\"font-size: 13px;\">L\u2019esercizio di questi diritti non deve pregiudicare e\/o ledere i diritti e le libert\u00e0 altrui.<\/p>\r\n<p><!-- \/wp:paragraph -->\r\n\r\n<!-- wp:paragraph {\"customFontSize\":13} --><\/p>\r\n<p style=\"font-size: 13px;\">Potete esercitare tali diritti in qualsiasi momento scrivendo a mezzo posta all\u2019indirizzo di posta elettronica del Titolare del trattamento: privacy@mylineservice.com<br \/>Resta inteso che, laddove le richieste siano presentate tramite mezzi elettronici, le informazioni saranno fornite gratuitamente e in un formato elettronico di uso comune.<br \/>Secondo quanto disposto dall\u2019art. 15, 3) del GDPR, qualora le richieste dell\u2019utente siano manifestamente infondate o eccessive, in particolare per il loro carattere ripetitivo, l\u2019Azienda pu\u00f2 alternativamente:<\/p>\r\n<p><!-- \/wp:paragraph -->\r\n\r\n<!-- wp:paragraph {\"customFontSize\":13} --><\/p>\r\n<p style=\"font-size: 13px;\">&#8211; addebitare un contributo spese ragionevole tenendo conto dei costi amministrativi sostenuti per fornire le informazioni o la comunicazione o intraprendere l\u2019azione richiesta;<\/p>\r\n<p><!-- \/wp:paragraph -->\r\n\r\n<!-- wp:paragraph {\"customFontSize\":13} --><\/p>\r\n<p style=\"font-size: 13px;\">&#8211; rifiutare di soddisfare la richiesta.<\/p>\r\n<p><!-- \/wp:paragraph -->\r\n\r\n<!-- wp:paragraph {\"customFontSize\":13} --><\/p>\r\n<p style=\"font-size: 13px;\">In entrambe le circostanze l&#8217;Azienda fornisce un\u2019adeguata giustificazione all\u2019utente.<\/p>\r\n<p><!-- \/wp:paragraph -->\r\n\r\n<!-- wp:paragraph {\"customFontSize\":15} --><\/p>\r\n<p style=\"font-size: 15px;\"><strong>9. MODIFICHE ALL\u2019INFORMATIVA SULLA PRIVACY<\/strong><\/p>\r\n<p><!-- \/wp:paragraph -->\r\n\r\n<!-- wp:paragraph {\"customFontSize\":13} --><\/p>\r\n<p style=\"font-size: 13px;\">La presente Privacy policy \u00e8 in vigore dal 25 maggio 2018. L\u2019azienda si riserva di modificarne o semplicemente aggiornarne il contenuto, in parte o completamente, anche a causa di variazioni della normativa applicabile.<br \/>Vi consigliamo quindi di controllare regolarmente questa sezione per prendere cognizione della pi\u00f9 recente ed aggiornata versione della Privacy policy in modo che voi siate sempre aggiornati sui dati raccolti e sull\u2019uso che l\u2019Azienda ne fa.<br \/>Nel caso in cui l&#8217;Azienda apporti modifiche ritenute importanti, gli utenti saranno informati mediante il Sito.\u00a0<\/p>","protected":false},"excerpt":{"rendered":"<p>PRIVACY POLICY DEL SITO WWW.MYLINESERVICE.COM Il sito www.mylineservice.com (di seguito \u201cil Sito\u201d) \u00e8 di propriet\u00e0 di My Line Service di Maffeis Yvonne S.A.S. (di seguito \u201cl&#8217;Azienda\u201d), Titolare del trattamento. Le misure di sicurezza applicabili al presente Sito sono state definite e sviluppate per assicurare che le informazioni fornite dagli utenti [&hellip;]<\/p>\n","protected":false},"author":1,"featured_media":0,"parent":0,"menu_order":0,"comment_status":"closed","ping_status":"closed","template":"","meta":{"_exactmetrics_skip_tracking":false,"_exactmetrics_sitenote_active":false,"_exactmetrics_sitenote_note":"","_exactmetrics_sitenote_category":0,"footnotes":""},"class_list":["post-3","page","type-page","status-publish","hentry"],"translation":{"provider":"WPGlobus","version":"3.0.2","language":"en","enabled_languages":["it","en"],"languages":{"it":{"title":true,"content":true,"excerpt":false},"en":{"title":false,"content":false,"excerpt":false}}},"_links":{"self":[{"href":"https:\/\/www.mylineservice.com\/en\/wp-json\/wp\/v2\/pages\/3","targetHints":{"allow":["GET"]}}],"collection":[{"href":"https:\/\/www.mylineservice.com\/en\/wp-json\/wp\/v2\/pages"}],"about":[{"href":"https:\/\/www.mylineservice.com\/en\/wp-json\/wp\/v2\/types\/page"}],"author":[{"embeddable":true,"href":"https:\/\/www.mylineservice.com\/en\/wp-json\/wp\/v2\/users\/1"}],"replies":[{"embeddable":true,"href":"https:\/\/www.mylineservice.com\/en\/wp-json\/wp\/v2\/comments?post=3"}],"version-history":[{"count":3,"href":"https:\/\/www.mylineservice.com\/en\/wp-json\/wp\/v2\/pages\/3\/revisions"}],"predecessor-version":[{"id":7120857,"href":"https:\/\/www.mylineservice.com\/en\/wp-json\/wp\/v2\/pages\/3\/revisions\/7120857"}],"wp:attachment":[{"href":"https:\/\/www.mylineservice.com\/en\/wp-json\/wp\/v2\/media?parent=3"}],"curies":[{"name":"wp","href":"https:\/\/api.w.org\/{rel}","templated":true}]}}